{"id":2674,"date":"2019-01-28T21:39:29","date_gmt":"2019-01-28T20:39:29","guid":{"rendered":"http:\/\/www.exclusifmag.com\/online\/wp-content\/uploads\/2019\/01\/1.-Best-of-the-West-les-Chefs-invit\u00e9s-ravis-de-leur-exp\u00e9rience.jpg"},"modified":"2019-01-28T22:13:31","modified_gmt":"2019-01-28T21:13:31","slug":"st-moritz-gourmet-festival-great-bmw-gourmet-finale-im-kulm-hotel","status":"inherit","type":"attachment","link":"https:\/\/www.exclusifmag.com\/online\/st-moritz-gourmet-festival-great-bmw-gourmet-finale-im-kulm-hotel\/","title":{"rendered":"St. Moritz Gourmet Festival: Great BMW Gourmet Finale im Kulm Hotel"},"author":1,"featured_media":0,"comment_status":"open","ping_status":"closed","template":"","meta":[],"class_list":["post-2674","attachment","type-attachment","status-inherit","hentry"],"description":{"rendered":"<p class=\"attachment\"><a href='https:\/\/www.exclusifmag.com\/online\/wp-content\/uploads\/2019\/01\/1.-Best-of-the-West-les-Chefs-invit\u00e9s-ravis-de-leur-exp\u00e9rience.jpg'><img loading=\"lazy\" decoding=\"async\" width=\"400\" height=\"267\" src=\"https:\/\/www.exclusifmag.com\/online\/wp-content\/uploads\/2019\/01\/1.-Best-of-the-West-les-Chefs-invit\u00e9s-ravis-de-leur-exp\u00e9rience-400x267.jpg\" class=\"attachment-medium size-medium\" alt=\"\" srcset=\"https:\/\/www.exclusifmag.com\/online\/wp-content\/uploads\/2019\/01\/1.-Best-of-the-West-les-Chefs-invit\u00e9s-ravis-de-leur-exp\u00e9rience-400x267.jpg 400w, https:\/\/www.exclusifmag.com\/online\/wp-content\/uploads\/2019\/01\/1.-Best-of-the-West-les-Chefs-invit\u00e9s-ravis-de-leur-exp\u00e9rience-768x512.jpg 768w, https:\/\/www.exclusifmag.com\/online\/wp-content\/uploads\/2019\/01\/1.-Best-of-the-West-les-Chefs-invit\u00e9s-ravis-de-leur-exp\u00e9rience-825x550.jpg 825w, https:\/\/www.exclusifmag.com\/online\/wp-content\/uploads\/2019\/01\/1.-Best-of-the-West-les-Chefs-invit\u00e9s-ravis-de-leur-exp\u00e9rience.jpg 900w\" sizes=\"auto, (max-width: 400px) 100vw, 400px\" \/><\/a><\/p>\n"},"caption":{"rendered":"<p>ST. MORITZ, 3FEB17 &#8211; Das &lsquo;Great BMW Gourmet Finale&rsquo; im Kulm Hotel in St. Moritz bildet den fulminaten Abschluss der Festivalwoche: Die US-Chefst stellen sich zum letzten Gruppenfoto anlaesslich des 24. St. Moritz Gourmet Festival am 3. Februar 2017 auf.<\/p>\n<p>Impression of the &lsquo;Great BMW Gourmet Finale&rsquo; of the 24th St. Moritz Gourmet Festival at the Kulm Hotel in St. Moritz, Switzerland, February 3, 2017.<\/p>\n<p>swiss-image.ch\/Photo Andy Mettler<\/p>\n"},"alt_text":"","media_type":"image","mime_type":"image\/jpeg","media_details":{"width":900,"height":600,"file":"2019\/01\/1.-Best-of-the-West-les-Chefs-invit\u00e9s-ravis-de-leur-exp\u00e9rience.jpg","sizes":{"thumbnail":{"file":"1.-Best-of-the-West-les-Chefs-invit\u00e9s-ravis-de-leur-exp\u00e9rience-250x250.jpg","width":"250","height":"250","mime_type":"image\/jpeg","source_url":"https:\/\/www.exclusifmag.com\/online\/wp-content\/uploads\/2019\/01\/1.-Best-of-the-West-les-Chefs-invit\u00e9s-ravis-de-leur-exp\u00e9rience-250x250.jpg"},"medium":{"file":"1.-Best-of-the-West-les-Chefs-invit\u00e9s-ravis-de-leur-exp\u00e9rience-400x267.jpg","width":"400","height":"267","mime_type":"image\/jpeg","source_url":"https:\/\/www.exclusifmag.com\/online\/wp-content\/uploads\/2019\/01\/1.-Best-of-the-West-les-Chefs-invit\u00e9s-ravis-de-leur-exp\u00e9rience-400x267.jpg"},"medium_large":{"file":"1.-Best-of-the-West-les-Chefs-invit\u00e9s-ravis-de-leur-exp\u00e9rience-768x512.jpg","width":"768","height":"512","mime_type":"image\/jpeg","source_url":"https:\/\/www.exclusifmag.com\/online\/wp-content\/uploads\/2019\/01\/1.-Best-of-the-West-les-Chefs-invit\u00e9s-ravis-de-leur-exp\u00e9rience-768x512.jpg"},"article1hori":{"file":"1.-Best-of-the-West-les-Chefs-invit\u00e9s-ravis-de-leur-exp\u00e9rience-900x500.jpg","width":"900","height":"500","mime_type":"image\/jpeg","source_url":"https:\/\/www.exclusifmag.com\/online\/wp-content\/uploads\/2019\/01\/1.-Best-of-the-West-les-Chefs-invit\u00e9s-ravis-de-leur-exp\u00e9rience-900x500.jpg"},"article4":{"file":"1.-Best-of-the-West-les-Chefs-invit\u00e9s-ravis-de-leur-exp\u00e9rience-400x400.jpg","width":"400","height":"400","mime_type":"image\/jpeg","source_url":"https:\/\/www.exclusifmag.com\/online\/wp-content\/uploads\/2019\/01\/1.-Best-of-the-West-les-Chefs-invit\u00e9s-ravis-de-leur-exp\u00e9rience-400x400.jpg"},"article2":{"file":"1.-Best-of-the-West-les-Chefs-invit\u00e9s-ravis-de-leur-exp\u00e9rience-800x400.jpg","width":"800","height":"400","mime_type":"image\/jpeg","source_url":"https:\/\/www.exclusifmag.com\/online\/wp-content\/uploads\/2019\/01\/1.-Best-of-the-West-les-Chefs-invit\u00e9s-ravis-de-leur-exp\u00e9rience-800x400.jpg"},"article1verti":{"file":"1.-Best-of-the-West-les-Chefs-invit\u00e9s-ravis-de-leur-exp\u00e9rience-400x600.jpg","width":"400","height":"600","mime_type":"image\/jpeg","source_url":"https:\/\/www.exclusifmag.com\/online\/wp-content\/uploads\/2019\/01\/1.-Best-of-the-West-les-Chefs-invit\u00e9s-ravis-de-leur-exp\u00e9rience-400x600.jpg"},"article":{"file":"1.-Best-of-the-West-les-Chefs-invit\u00e9s-ravis-de-leur-exp\u00e9rience-840x400.jpg","width":"840","height":"400","mime_type":"image\/jpeg","source_url":"https:\/\/www.exclusifmag.com\/online\/wp-content\/uploads\/2019\/01\/1.-Best-of-the-West-les-Chefs-invit\u00e9s-ravis-de-leur-exp\u00e9rience-840x400.jpg"},"article900":{"file":"1.-Best-of-the-West-les-Chefs-invit\u00e9s-ravis-de-leur-exp\u00e9rience-825x550.jpg","width":"825","height":"550","mime_type":"image\/jpeg","source_url":"https:\/\/www.exclusifmag.com\/online\/wp-content\/uploads\/2019\/01\/1.-Best-of-the-West-les-Chefs-invit\u00e9s-ravis-de-leur-exp\u00e9rience-825x550.jpg"},"magpapier":{"file":"1.-Best-of-the-West-les-Chefs-invit\u00e9s-ravis-de-leur-exp\u00e9rience-500x600.jpg","width":"500","height":"600","mime_type":"image\/jpeg","source_url":"https:\/\/www.exclusifmag.com\/online\/wp-content\/uploads\/2019\/01\/1.-Best-of-the-West-les-Chefs-invit\u00e9s-ravis-de-leur-exp\u00e9rience-500x600.jpg"},"full":{"file":"1.-Best-of-the-West-les-Chefs-invit\u00e9s-ravis-de-leur-exp\u00e9rience.jpg","width":900,"height":600,"mime_type":"image\/jpeg","source_url":"https:\/\/www.exclusifmag.com\/online\/wp-content\/uploads\/2019\/01\/1.-Best-of-the-West-les-Chefs-invit\u00e9s-ravis-de-leur-exp\u00e9rience.jpg"}},"image_meta":{"aperture":"4.5","credit":"swiss-image.ch","camera":"Canon EOS-1D X Mark II","caption":"ST. MORITZ, 3FEB17 - Das 'Great BMW Gourmet Finale' im Kulm Hotel in St. Moritz bildet den fulminaten Abschluss der Festivalwoche: Die US-Chefst stellen sich zum letzten Gruppenfoto anlaesslich des 24. St. Moritz Gourmet Festival am 3. Februar 2017 auf.\r\rImpression of the 'Great BMW Gourmet Finale' of the 24th St. Moritz Gourmet Festival at the Kulm Hotel in St. Moritz, Switzerland, February 3, 2017.\r\rswiss-image.ch\/Photo Andy Mettler","created_timestamp":"1485734400","copyright":"swiss-image.ch","focal_length":"35","iso":"1600","shutter_speed":"0.033333333333333","title":"St. Moritz Gourmet Festival: Great BMW Gourmet Finale im Kulm Hotel","orientation":"1","keywords":["kulinarisch","Genuss","japanische K\u00c3\u00bcche","Hotels","Wine &amp; Dine","St. Moritz Gourmet Festival","Kulinarik","Wine and Dine","Gastronomie","Hotellerie","Restaurant","Japanese Specialities"]}},"post":null,"source_url":"https:\/\/www.exclusifmag.com\/online\/wp-content\/uploads\/2019\/01\/1.-Best-of-the-West-les-Chefs-invit\u00e9s-ravis-de-leur-exp\u00e9rience.jpg","_links":{"self":[{"href":"https:\/\/www.exclusifmag.com\/online\/wp-json\/wp\/v2\/media\/2674","targetHints":{"allow":["GET"]}}],"collection":[{"href":"https:\/\/www.exclusifmag.com\/online\/wp-json\/wp\/v2\/media"}],"about":[{"href":"https:\/\/www.exclusifmag.com\/online\/wp-json\/wp\/v2\/types\/attachment"}],"author":[{"embeddable":true,"href":"https:\/\/www.exclusifmag.com\/online\/wp-json\/wp\/v2\/users\/1"}],"replies":[{"embeddable":true,"href":"https:\/\/www.exclusifmag.com\/online\/wp-json\/wp\/v2\/comments?post=2674"}]}}