{"id":9042,"date":"2019-10-15T16:00:46","date_gmt":"2019-10-15T14:00:46","guid":{"rendered":"http:\/\/www.exclusifmag.com\/online\/wp-content\/uploads\/2019\/10\/2.-Ctesse-Barbara-Zanon-di-Valgiurata-Pr\u00e9s.Jury-Yves-Daccord-Dir.-Gen.-CICR-et-les-gagnantes-entre-J.P.-Greff-Dir.-HEAD-\u2013GE-Me-Matteo-Pedrazzini-Pr\u00e9s.-CRG-St\u00e9phanie-Lambert-D.G-.jpg"},"modified":"2019-10-15T17:47:30","modified_gmt":"2019-10-15T15:47:30","slug":"2-ctesse-barbara-zanon-di-valgiurata-pres-jury-yves-daccord-dir-gen-cicr-et-les-gagnantes-entre-j-p-greff-dir-head-ge-me-matteo-pedrazzini-pres-crg-stephanie-lambert-d-g","status":"inherit","type":"attachment","link":"https:\/\/www.exclusifmag.com\/online\/prix-art-humanite-2019\/2-ctesse-barbara-zanon-di-valgiurata-pres-jury-yves-daccord-dir-gen-cicr-et-les-gagnantes-entre-j-p-greff-dir-head-ge-me-matteo-pedrazzini-pres-crg-stephanie-lambert-d-g\/","title":{"rendered":""},"author":1,"featured_media":0,"comment_status":"open","ping_status":"closed","template":"","meta":[],"class_list":["post-9042","attachment","type-attachment","status-inherit","hentry"],"description":{"rendered":"<p class=\"attachment\"><a href='https:\/\/www.exclusifmag.com\/online\/wp-content\/uploads\/2019\/10\/2.-Ctesse-Barbara-Zanon-di-Valgiurata-Pr\u00e9s.Jury-Yves-Daccord-Dir.-Gen.-CICR-et-les-gagnantes-entre-J.P.-Greff-Dir.-HEAD-\u2013GE-Me-Matteo-Pedrazzini-Pr\u00e9s.-CRG-St\u00e9phanie-Lambert-D.G-.jpg'><img loading=\"lazy\" decoding=\"async\" width=\"400\" height=\"267\" src=\"https:\/\/www.exclusifmag.com\/online\/wp-content\/uploads\/2019\/10\/2.-Ctesse-Barbara-Zanon-di-Valgiurata-Pr\u00e9s.Jury-Yves-Daccord-Dir.-Gen.-CICR-et-les-gagnantes-entre-J.P.-Greff-Dir.-HEAD-\u2013GE-Me-Matteo-Pedrazzini-Pr\u00e9s.-CRG-St\u00e9phanie-Lambert-D.G--400x267.jpg\" class=\"attachment-medium size-medium\" alt=\"Comtesse Barbara Zanon di Valgiurata, Pr\u00e9sidente du Jury, Yves Daccord, Directeur Gen\u00e9ral du CICR et les gagnantes entre Jean-Pierre Greff Directeur HEAD\u2013GE, Me Matteo Pedrazzini, Pr\u00e9sident CRG, St\u00e9phanie Lambert Directrice G\u00e9n\u00e9rale CRG\" srcset=\"https:\/\/www.exclusifmag.com\/online\/wp-content\/uploads\/2019\/10\/2.-Ctesse-Barbara-Zanon-di-Valgiurata-Pr\u00e9s.Jury-Yves-Daccord-Dir.-Gen.-CICR-et-les-gagnantes-entre-J.P.-Greff-Dir.-HEAD-\u2013GE-Me-Matteo-Pedrazzini-Pr\u00e9s.-CRG-St\u00e9phanie-Lambert-D.G--400x267.jpg 400w, https:\/\/www.exclusifmag.com\/online\/wp-content\/uploads\/2019\/10\/2.-Ctesse-Barbara-Zanon-di-Valgiurata-Pr\u00e9s.Jury-Yves-Daccord-Dir.-Gen.-CICR-et-les-gagnantes-entre-J.P.-Greff-Dir.-HEAD-\u2013GE-Me-Matteo-Pedrazzini-Pr\u00e9s.-CRG-St\u00e9phanie-Lambert-D.G--768x512.jpg 768w, https:\/\/www.exclusifmag.com\/online\/wp-content\/uploads\/2019\/10\/2.-Ctesse-Barbara-Zanon-di-Valgiurata-Pr\u00e9s.Jury-Yves-Daccord-Dir.-Gen.-CICR-et-les-gagnantes-entre-J.P.-Greff-Dir.-HEAD-\u2013GE-Me-Matteo-Pedrazzini-Pr\u00e9s.-CRG-St\u00e9phanie-Lambert-D.G--825x550.jpg 825w, https:\/\/www.exclusifmag.com\/online\/wp-content\/uploads\/2019\/10\/2.-Ctesse-Barbara-Zanon-di-Valgiurata-Pr\u00e9s.Jury-Yves-Daccord-Dir.-Gen.-CICR-et-les-gagnantes-entre-J.P.-Greff-Dir.-HEAD-\u2013GE-Me-Matteo-Pedrazzini-Pr\u00e9s.-CRG-St\u00e9phanie-Lambert-D.G-.jpg 900w\" sizes=\"auto, (max-width: 400px) 100vw, 400px\" \/><\/a><\/p>\n"},"caption":{"rendered":""},"alt_text":"Comtesse Barbara Zanon di Valgiurata, Pr\u00e9sidente du Jury, Yves Daccord, Directeur Gen\u00e9ral du CICR et les gagnantes entre Jean-Pierre Greff Directeur HEAD\u2013GE, Me Matteo Pedrazzini, Pr\u00e9sident CRG, St\u00e9phanie Lambert Directrice G\u00e9n\u00e9rale CRG","media_type":"image","mime_type":"image\/jpeg","media_details":{"width":900,"height":600,"file":"2019\/10\/2.-Ctesse-Barbara-Zanon-di-Valgiurata-Pr\u00e9s.Jury-Yves-Daccord-Dir.-Gen.-CICR-et-les-gagnantes-entre-J.P.-Greff-Dir.-HEAD-\u2013GE-Me-Matteo-Pedrazzini-Pr\u00e9s.-CRG-St\u00e9phanie-Lambert-D.G-.jpg","sizes":{"thumbnail":{"file":"2.-Ctesse-Barbara-Zanon-di-Valgiurata-Pr\u00e9s.Jury-Yves-Daccord-Dir.-Gen.-CICR-et-les-gagnantes-entre-J.P.-Greff-Dir.-HEAD-\u2013GE-Me-Matteo-Pedrazzini-Pr\u00e9s.-CRG-St\u00e9phanie-Lambert-D.G--250x250.jpg","width":"250","height":"250","mime_type":"image\/jpeg","source_url":"https:\/\/www.exclusifmag.com\/online\/wp-content\/uploads\/2019\/10\/2.-Ctesse-Barbara-Zanon-di-Valgiurata-Pr\u00e9s.Jury-Yves-Daccord-Dir.-Gen.-CICR-et-les-gagnantes-entre-J.P.-Greff-Dir.-HEAD-\u2013GE-Me-Matteo-Pedrazzini-Pr\u00e9s.-CRG-St\u00e9phanie-Lambert-D.G--250x250.jpg"},"medium":{"file":"2.-Ctesse-Barbara-Zanon-di-Valgiurata-Pr\u00e9s.Jury-Yves-Daccord-Dir.-Gen.-CICR-et-les-gagnantes-entre-J.P.-Greff-Dir.-HEAD-\u2013GE-Me-Matteo-Pedrazzini-Pr\u00e9s.-CRG-St\u00e9phanie-Lambert-D.G--400x267.jpg","width":"400","height":"267","mime_type":"image\/jpeg","source_url":"https:\/\/www.exclusifmag.com\/online\/wp-content\/uploads\/2019\/10\/2.-Ctesse-Barbara-Zanon-di-Valgiurata-Pr\u00e9s.Jury-Yves-Daccord-Dir.-Gen.-CICR-et-les-gagnantes-entre-J.P.-Greff-Dir.-HEAD-\u2013GE-Me-Matteo-Pedrazzini-Pr\u00e9s.-CRG-St\u00e9phanie-Lambert-D.G--400x267.jpg"},"medium_large":{"file":"2.-Ctesse-Barbara-Zanon-di-Valgiurata-Pr\u00e9s.Jury-Yves-Daccord-Dir.-Gen.-CICR-et-les-gagnantes-entre-J.P.-Greff-Dir.-HEAD-\u2013GE-Me-Matteo-Pedrazzini-Pr\u00e9s.-CRG-St\u00e9phanie-Lambert-D.G--768x512.jpg","width":"768","height":"512","mime_type":"image\/jpeg","source_url":"https:\/\/www.exclusifmag.com\/online\/wp-content\/uploads\/2019\/10\/2.-Ctesse-Barbara-Zanon-di-Valgiurata-Pr\u00e9s.Jury-Yves-Daccord-Dir.-Gen.-CICR-et-les-gagnantes-entre-J.P.-Greff-Dir.-HEAD-\u2013GE-Me-Matteo-Pedrazzini-Pr\u00e9s.-CRG-St\u00e9phanie-Lambert-D.G--768x512.jpg"},"article1hori":{"file":"2.-Ctesse-Barbara-Zanon-di-Valgiurata-Pr\u00e9s.Jury-Yves-Daccord-Dir.-Gen.-CICR-et-les-gagnantes-entre-J.P.-Greff-Dir.-HEAD-\u2013GE-Me-Matteo-Pedrazzini-Pr\u00e9s.-CRG-St\u00e9phanie-Lambert-D.G--900x500.jpg","width":"900","height":"500","mime_type":"image\/jpeg","source_url":"https:\/\/www.exclusifmag.com\/online\/wp-content\/uploads\/2019\/10\/2.-Ctesse-Barbara-Zanon-di-Valgiurata-Pr\u00e9s.Jury-Yves-Daccord-Dir.-Gen.-CICR-et-les-gagnantes-entre-J.P.-Greff-Dir.-HEAD-\u2013GE-Me-Matteo-Pedrazzini-Pr\u00e9s.-CRG-St\u00e9phanie-Lambert-D.G--900x500.jpg"},"article4":{"file":"2.-Ctesse-Barbara-Zanon-di-Valgiurata-Pr\u00e9s.Jury-Yves-Daccord-Dir.-Gen.-CICR-et-les-gagnantes-entre-J.P.-Greff-Dir.-HEAD-\u2013GE-Me-Matteo-Pedrazzini-Pr\u00e9s.-CRG-St\u00e9phanie-Lambert-D.G--400x400.jpg","width":"400","height":"400","mime_type":"image\/jpeg","source_url":"https:\/\/www.exclusifmag.com\/online\/wp-content\/uploads\/2019\/10\/2.-Ctesse-Barbara-Zanon-di-Valgiurata-Pr\u00e9s.Jury-Yves-Daccord-Dir.-Gen.-CICR-et-les-gagnantes-entre-J.P.-Greff-Dir.-HEAD-\u2013GE-Me-Matteo-Pedrazzini-Pr\u00e9s.-CRG-St\u00e9phanie-Lambert-D.G--400x400.jpg"},"article2":{"file":"2.-Ctesse-Barbara-Zanon-di-Valgiurata-Pr\u00e9s.Jury-Yves-Daccord-Dir.-Gen.-CICR-et-les-gagnantes-entre-J.P.-Greff-Dir.-HEAD-\u2013GE-Me-Matteo-Pedrazzini-Pr\u00e9s.-CRG-St\u00e9phanie-Lambert-D.G--800x400.jpg","width":"800","height":"400","mime_type":"image\/jpeg","source_url":"https:\/\/www.exclusifmag.com\/online\/wp-content\/uploads\/2019\/10\/2.-Ctesse-Barbara-Zanon-di-Valgiurata-Pr\u00e9s.Jury-Yves-Daccord-Dir.-Gen.-CICR-et-les-gagnantes-entre-J.P.-Greff-Dir.-HEAD-\u2013GE-Me-Matteo-Pedrazzini-Pr\u00e9s.-CRG-St\u00e9phanie-Lambert-D.G--800x400.jpg"},"article1verti":{"file":"2.-Ctesse-Barbara-Zanon-di-Valgiurata-Pr\u00e9s.Jury-Yves-Daccord-Dir.-Gen.-CICR-et-les-gagnantes-entre-J.P.-Greff-Dir.-HEAD-\u2013GE-Me-Matteo-Pedrazzini-Pr\u00e9s.-CRG-St\u00e9phanie-Lambert-D.G--400x600.jpg","width":"400","height":"600","mime_type":"image\/jpeg","source_url":"https:\/\/www.exclusifmag.com\/online\/wp-content\/uploads\/2019\/10\/2.-Ctesse-Barbara-Zanon-di-Valgiurata-Pr\u00e9s.Jury-Yves-Daccord-Dir.-Gen.-CICR-et-les-gagnantes-entre-J.P.-Greff-Dir.-HEAD-\u2013GE-Me-Matteo-Pedrazzini-Pr\u00e9s.-CRG-St\u00e9phanie-Lambert-D.G--400x600.jpg"},"article":{"file":"2.-Ctesse-Barbara-Zanon-di-Valgiurata-Pr\u00e9s.Jury-Yves-Daccord-Dir.-Gen.-CICR-et-les-gagnantes-entre-J.P.-Greff-Dir.-HEAD-\u2013GE-Me-Matteo-Pedrazzini-Pr\u00e9s.-CRG-St\u00e9phanie-Lambert-D.G--840x400.jpg","width":"840","height":"400","mime_type":"image\/jpeg","source_url":"https:\/\/www.exclusifmag.com\/online\/wp-content\/uploads\/2019\/10\/2.-Ctesse-Barbara-Zanon-di-Valgiurata-Pr\u00e9s.Jury-Yves-Daccord-Dir.-Gen.-CICR-et-les-gagnantes-entre-J.P.-Greff-Dir.-HEAD-\u2013GE-Me-Matteo-Pedrazzini-Pr\u00e9s.-CRG-St\u00e9phanie-Lambert-D.G--840x400.jpg"},"article900":{"file":"2.-Ctesse-Barbara-Zanon-di-Valgiurata-Pr\u00e9s.Jury-Yves-Daccord-Dir.-Gen.-CICR-et-les-gagnantes-entre-J.P.-Greff-Dir.-HEAD-\u2013GE-Me-Matteo-Pedrazzini-Pr\u00e9s.-CRG-St\u00e9phanie-Lambert-D.G--825x550.jpg","width":"825","height":"550","mime_type":"image\/jpeg","source_url":"https:\/\/www.exclusifmag.com\/online\/wp-content\/uploads\/2019\/10\/2.-Ctesse-Barbara-Zanon-di-Valgiurata-Pr\u00e9s.Jury-Yves-Daccord-Dir.-Gen.-CICR-et-les-gagnantes-entre-J.P.-Greff-Dir.-HEAD-\u2013GE-Me-Matteo-Pedrazzini-Pr\u00e9s.-CRG-St\u00e9phanie-Lambert-D.G--825x550.jpg"},"magpapier":{"file":"2.-Ctesse-Barbara-Zanon-di-Valgiurata-Pr\u00e9s.Jury-Yves-Daccord-Dir.-Gen.-CICR-et-les-gagnantes-entre-J.P.-Greff-Dir.-HEAD-\u2013GE-Me-Matteo-Pedrazzini-Pr\u00e9s.-CRG-St\u00e9phanie-Lambert-D.G--500x600.jpg","width":"500","height":"600","mime_type":"image\/jpeg","source_url":"https:\/\/www.exclusifmag.com\/online\/wp-content\/uploads\/2019\/10\/2.-Ctesse-Barbara-Zanon-di-Valgiurata-Pr\u00e9s.Jury-Yves-Daccord-Dir.-Gen.-CICR-et-les-gagnantes-entre-J.P.-Greff-Dir.-HEAD-\u2013GE-Me-Matteo-Pedrazzini-Pr\u00e9s.-CRG-St\u00e9phanie-Lambert-D.G--500x600.jpg"},"full":{"file":"2.-Ctesse-Barbara-Zanon-di-Valgiurata-Pr\u00e9s.Jury-Yves-Daccord-Dir.-Gen.-CICR-et-les-gagnantes-entre-J.P.-Greff-Dir.-HEAD-\u2013GE-Me-Matteo-Pedrazzini-Pr\u00e9s.-CRG-St\u00e9phanie-Lambert-D.G-.jpg","width":900,"height":600,"mime_type":"image\/jpeg","source_url":"https:\/\/www.exclusifmag.com\/online\/wp-content\/uploads\/2019\/10\/2.-Ctesse-Barbara-Zanon-di-Valgiurata-Pr\u00e9s.Jury-Yves-Daccord-Dir.-Gen.-CICR-et-les-gagnantes-entre-J.P.-Greff-Dir.-HEAD-\u2013GE-Me-Matteo-Pedrazzini-Pr\u00e9s.-CRG-St\u00e9phanie-Lambert-D.G-.jpg"}},"image_meta":{"aperture":"8","credit":"","camera":"ILCE-7M3","caption":"","created_timestamp":"1569956154","copyright":"","focal_length":"22","iso":"1600","shutter_speed":"0.01","title":"","orientation":"1"}},"post":9028,"source_url":"https:\/\/www.exclusifmag.com\/online\/wp-content\/uploads\/2019\/10\/2.-Ctesse-Barbara-Zanon-di-Valgiurata-Pr\u00e9s.Jury-Yves-Daccord-Dir.-Gen.-CICR-et-les-gagnantes-entre-J.P.-Greff-Dir.-HEAD-\u2013GE-Me-Matteo-Pedrazzini-Pr\u00e9s.-CRG-St\u00e9phanie-Lambert-D.G-.jpg","_links":{"self":[{"href":"https:\/\/www.exclusifmag.com\/online\/wp-json\/wp\/v2\/media\/9042","targetHints":{"allow":["GET"]}}],"collection":[{"href":"https:\/\/www.exclusifmag.com\/online\/wp-json\/wp\/v2\/media"}],"about":[{"href":"https:\/\/www.exclusifmag.com\/online\/wp-json\/wp\/v2\/types\/attachment"}],"author":[{"embeddable":true,"href":"https:\/\/www.exclusifmag.com\/online\/wp-json\/wp\/v2\/users\/1"}],"replies":[{"embeddable":true,"href":"https:\/\/www.exclusifmag.com\/online\/wp-json\/wp\/v2\/comments?post=9042"}],"wp:attached-to":[{"embeddable":true,"post_type":"post","id":9028,"href":"https:\/\/www.exclusifmag.com\/online\/wp-json\/wp\/v2\/posts\/9028"}],"curies":[{"name":"wp","href":"https:\/\/api.w.org\/{rel}","templated":true}]}}